{"id":7586,"date":"2016-11-15T23:29:07","date_gmt":"2016-11-15T21:29:07","guid":{"rendered":"http:\/\/vereinigung-professioneller-kinderfotografen.de\/blog2\/?page_id=7586"},"modified":"2022-01-11T18:42:16","modified_gmt":"2022-01-11T16:42:16","slug":"60594-frankfurt-am-main-julia-sidorenkova","status":"publish","type":"page","link":"https:\/\/vereinigung-professioneller-kinderfotografen.de\/blog2\/60594-frankfurt-am-main-julia-sidorenkova\/","title":{"rendered":"60594 Frankfurt am Main | Julia Sidorenkova"},"content":{"rendered":"<h3 style=\"text-align: left;\"><img decoding=\"async\" id=\"pp-slideshow-1479244927\" class=\"pp-slideshow-placeholder pp-gallery-placeholder slideshow-1479244927 mceItem\" style=\"display: none;\" src=\"http:\/\/vereinigung-professioneller-kinderfotografen.de\/blog2\/wp-content\/uploads\/pp\/placeholders\/slideshow-placeholder-1479244927.jpg\" \/><\/h3>\n<h3 style=\"text-align: left;\"><\/h3>\n<p style=\"text-align: left;\"><img decoding=\"async\" loading=\"lazy\" class=\"wp-image-56 alignleft\" title=\"doreen\" src=\"https:\/\/vereinigung-professioneller-kinderfotografen.de\/blog2\/wp-content\/uploads\/2016\/11\/10-16247-pp_gallery\/Profilbild-Julia-Sidorenkova.jpg\" alt=\"\" width=\"180\" height=\"180\" \/><\/p>\n<p style=\"text-align: left;\"><strong>Julia Sidorenkova<\/strong><\/p>\n<p><span id=\"gmail-m_-7751824731984364554:17j.3\"><span id=\":2iu.10\" class=\"\" tabindex=\"-1\">Schwanthalerstr. 23<br \/>\n60594 Frankfurt am Main<br \/>\nMobile: 49 (0)\u00a0178 16 79 078<br \/>\nE-Mail: <span id=\"gmail-m_-7751824731984364554:17j.4\"><span id=\":2iu.11\" class=\"\" tabindex=\"-1\">info<\/span><\/span>@direktpositiv.de<\/span><\/span><\/p>\n<p style=\"text-align: left;\"><strong><span style=\"color: #000000;\"><a href=\"http:\/\/www.direktpositiv.de\" target=\"_blank\" rel=\"noopener\"><span style=\"color: #000000;\">www.direktpositiv.de<\/span><\/a><\/span><\/strong><\/p>\n<div>\n<p>In einem hellen gem\u00fctlichen\u00a0<span id=\"gmail-m_-7751824731984364554:17j.5\">Tageslicht<\/span>-Fotoatelier im sch\u00f6nen Sachsenhausen in Frankfurt am Main entstehen bei Julia\u00a0<span id=\"gmail-m_-7751824731984364554:17j.6\">Sidorenkova<\/span>\u00a0einzigartige Bilder von Neugeborenen, Babys und Kleinkindern. Auch werdende Eltern bekommen\u00a0hier\u00a0sinnliche Erinnerungen im Rahmen eines\u00a0<span id=\"gmail-m_-7751824731984364554:17j.7\">Babybauchfotoshootings<\/span>, sodass diese kurze und ganz besondere Zeit in ihrem Leben f\u00fcr immer in Bildern erhalten bleibt. Als\u00a0<span id=\":2iu.14\" class=\"\" tabindex=\"-1\">Hochzeitsfotografin<\/span>\u00a0hat sie sich im ganzen Rhein-Main-Gebiet l\u00e4ngst etabliert und begleitet mit viel Liebe zum Detail die frisch verm\u00e4hlten Paare auf ihrem Weg in eine gemeinsame Zukunft.<\/p>\n<\/div>\n<div>Am liebsten jedoch widmet sich Julia der Neugeborenenfotografie, die bei uns\u00a0hier\u00a0erst seit geraumer Zeit eine gro\u00dfe Entwicklung erlebt und viel an Bedeutung und Popularit\u00e4t gewonnen hat. Hierf\u00fcr bietet sie viele hochwertige Accessoires und jahrelange Erfahrungen im Umgang mit Babys und Kleinkindern an. Sicherheit und Wohlbefinden ihrer Mini-Kunden beim\u00a0<span id=\":2iu.15\" class=\"\" tabindex=\"-1\">Fotoshooting<\/span>\u00a0stehen bei ihr stets an erster Stelle.<\/div>\n<div><\/div>\n<div>\n<p>Ruhig und entspannt in ihrer Art, bezeichnet Julia ihren Stil als nat\u00fcrlich und romantisch. Mit einer unglaublich gro\u00dfen Leidenschaft f\u00e4ngt sie mit ihrer Kamera die wahren Emotionen und Momente ein. Mit Kindern ab 2 Jahren geht sie deswegen am liebsten nach drau\u00dfen und nutzt die vielen wundersch\u00f6nen Ecken Frankfurts und dessen Umgebung als Kulisse f\u00fcr Fotos, die es so kein zweites Mal geben kann!<\/p>\n<p>Je nach Ort, Jahreszeit und Lichtstimmung entstehen dann unvergessliche und kunstvolle Bilder, die jedes Fotoalbum bereichern, jede Wohnung schm\u00fccken oder als wertvolles Geschenk f\u00fcr die Liebsten dienen k\u00f6nnen. Das gr\u00f6\u00dfte Geschenk macht man damit aber sich selbst und den Kindern. Nichts ist sch\u00f6ner, als Jahre sp\u00e4ter mit ihnen zusammen in den\u00a0<span id=\":2iu.16\" class=\"\" tabindex=\"-1\">Alben<\/span>\u00a0zu bl\u00e4ttern und sich in die Vergangenheit zu versetzen, an die tolle gemeinsame Zeit zu denken und \u00fcber alte Geschichten gemeinsam zu lachen.<\/p>\n<\/div>\n<h3><span style=\"color: #808080;\">mehr Fotos von Julia Sidorenkova\u00a0k\u00f6nnen Sie\u00a0<span style=\"color: #000000;\"><em><strong><a href=\"http:\/\/vereinigung-professioneller-kinderfotografen.de\/blog2\/category\/blog\/julia-sidorenkova\/\"><span style=\"color: #000000;\">hier<\/span><\/a><\/strong>\u00a0<\/em><\/span>sehen<\/span><\/h3>\n","protected":false},"excerpt":{"rendered":"<p>Julia Sidorenkova Schwanthalerstr. 23 60594 Frankfurt am Main Mobile: 49 (0)\u00a0178 16 79 078 E-Mail: info@direktpositiv.de www.direktpositiv.de In einem hellen gem\u00fctlichen\u00a0Tageslicht-Fotoatelier im sch\u00f6nen Sachsenhausen in Frankfurt am Main entstehen bei Julia\u00a0Sidorenkova\u00a0einzigartige Bilder von Neugeborenen, Babys und Kleinkindern. Auch werdende Eltern bekommen\u00a0hier\u00a0sinnliche Erinnerungen im Rahmen eines\u00a0Babybauchfotoshootings, sodass diese kurze und ganz besondere Zeit in ihrem Leben...<\/p>\n","protected":false},"author":1,"featured_media":16808,"parent":0,"menu_order":0,"comment_status":"closed","ping_status":"closed","template":"","meta":{"pp_embeds":""},"acf":[],"_links":{"self":[{"href":"https:\/\/vereinigung-professioneller-kinderfotografen.de\/blog2\/wp-json\/wp\/v2\/pages\/7586"}],"collection":[{"href":"https:\/\/vereinigung-professioneller-kinderfotografen.de\/blog2\/wp-json\/wp\/v2\/pages"}],"about":[{"href":"https:\/\/vereinigung-professioneller-kinderfotografen.de\/blog2\/wp-json\/wp\/v2\/types\/page"}],"author":[{"embeddable":true,"href":"https:\/\/vereinigung-professioneller-kinderfotografen.de\/blog2\/wp-json\/wp\/v2\/users\/1"}],"replies":[{"embeddable":true,"href":"https:\/\/vereinigung-professioneller-kinderfotografen.de\/blog2\/wp-json\/wp\/v2\/comments?post=7586"}],"version-history":[{"count":7,"href":"https:\/\/vereinigung-professioneller-kinderfotografen.de\/blog2\/wp-json\/wp\/v2\/pages\/7586\/revisions"}],"predecessor-version":[{"id":16827,"href":"https:\/\/vereinigung-professioneller-kinderfotografen.de\/blog2\/wp-json\/wp\/v2\/pages\/7586\/revisions\/16827"}],"wp:featuredmedia":[{"embeddable":true,"href":"https:\/\/vereinigung-professioneller-kinderfotografen.de\/blog2\/wp-json\/wp\/v2\/media\/16808"}],"wp:attachment":[{"href":"https:\/\/vereinigung-professioneller-kinderfotografen.de\/blog2\/wp-json\/wp\/v2\/media?parent=7586"}],"curies":[{"name":"wp","href":"https:\/\/api.w.org\/{rel}","templated":true}]}}